{"id":18677,"date":"2026-03-27T11:18:07","date_gmt":"2026-03-27T16:18:07","guid":{"rendered":"https:\/\/reddevidasas.com.co\/sitio\/?page_id=18677"},"modified":"2026-04-11T18:30:30","modified_gmt":"2026-04-11T23:30:30","slug":"servicios","status":"publish","type":"page","link":"https:\/\/reddevidasas.com.co\/sitio\/servicios\/","title":{"rendered":"Servicios"},"content":{"rendered":"\t\t<div data-elementor-type=\"wp-page\" data-elementor-id=\"18677\" class=\"elementor elementor-18677\">\n\t\t\t\t<div class=\"elementor-element elementor-element-84d20a4 e-flex e-con-boxed tm-col-stretched-none tm-bg-color-over-image e-con e-parent\" data-id=\"84d20a4\" data-element_type=\"container\" data-e-type=\"container\">\n\t\t\t\t\t<div class=\"e-con-inner\">\n\t\t<div class=\"elementor-element elementor-element-b0366f7 e-con-full e-flex tm-col-stretched-none tm-bg-color-over-image e-con e-child\" data-id=\"b0366f7\" data-element_type=\"container\" data-e-type=\"container\">\n\t\t\t\t<div class=\"elementor-element elementor-element-f86868f elementor-widget elementor-widget-image\" data-id=\"f86868f\" data-element_type=\"widget\" data-e-type=\"widget\" data-widget_type=\"image.default\">\n\t\t\t\t\t\t\t\t\t\t\t\t\t\t\t<img fetchpriority=\"high\" decoding=\"async\" width=\"550\" height=\"550\" src=\"https:\/\/reddevidasas.com.co\/sitio\/wp-content\/uploads\/2026\/04\/Comp-2-550x550.jpg\" class=\"attachment-carer_square size-carer_square wp-image-18924\" alt=\"\" srcset=\"https:\/\/reddevidasas.com.co\/sitio\/wp-content\/uploads\/2026\/04\/Comp-2-550x550.jpg 550w, https:\/\/reddevidasas.com.co\/sitio\/wp-content\/uploads\/2026\/04\/Comp-2-150x150.jpg 150w, https:\/\/reddevidasas.com.co\/sitio\/wp-content\/uploads\/2026\/04\/Comp-2-300x300.jpg 300w, https:\/\/reddevidasas.com.co\/sitio\/wp-content\/uploads\/2026\/04\/Comp-2-100x100.jpg 100w\" sizes=\"(max-width: 550px) 100vw, 550px\" \/>\t\t\t\t\t\t\t\t\t\t\t\t\t\t\t<\/div>\n\t\t\t\t<\/div>\n\t\t<div class=\"elementor-element elementor-element-15429a6 e-con-full e-flex tm-col-stretched-none tm-bg-color-over-image e-con e-child\" data-id=\"15429a6\" data-element_type=\"container\" data-e-type=\"container\">\n\t\t\t\t<div class=\"elementor-element elementor-element-686a57c elementor-widget elementor-widget-heading\" data-id=\"686a57c\" data-element_type=\"widget\" data-e-type=\"widget\" data-widget_type=\"heading.default\">\n\t\t\t\t\t<h2 class=\"elementor-heading-title elementor-size-default\">Estamos contigo<\/h2>\t\t\t\t<\/div>\n\t\t\t\t<div class=\"elementor-element elementor-element-7e93407 elementor-widget elementor-widget-heading\" data-id=\"7e93407\" data-element_type=\"widget\" data-e-type=\"widget\" data-widget_type=\"heading.default\">\n\t\t\t\t\t<h4 class=\"elementor-heading-title elementor-size-default\">Atenci\u00f3n domiciliaria en promoci\u00f3n, prevenci\u00f3n, rehabilitaci\u00f3n y estimulaci\u00f3n cognitiva<\/h4>\t\t\t\t<\/div>\n\t\t\t\t<div class=\"elementor-element elementor-element-c0015b8 elementor-widget elementor-widget-text-editor\" data-id=\"c0015b8\" data-element_type=\"widget\" data-e-type=\"widget\" data-widget_type=\"text-editor.default\">\n\t\t\t\t\t\t\t\t\t<p>\u201cEstamos Contigo\u201d es un servicio especializado de atenci\u00f3n domiciliaria dise\u00f1ado para personas mayores que requieren acompa\u00f1amiento profesional para <strong>mantener, fortalecer o recuperar sus funciones cognitivas<\/strong>, promoviendo su autonom\u00eda y calidad de vida.<\/p><p>Las intervenciones son realizadas por profesionales especializados, quienes dise\u00f1an <strong>planes personalizados<\/strong> seg\u00fan el perfil cognitivo, funcional y emocional de cada usuario.<\/p><p>Las sesiones se desarrollan en el hogar, en un entorno seguro y familiar, lo que favorece el bienestar, la adherencia al tratamiento y mejores resultados.<\/p>\t\t\t\t\t\t\t\t<\/div>\n\t\t\t\t<\/div>\n\t\t\t\t\t<\/div>\n\t\t\t\t<\/div>\n\t\t<div class=\"elementor-element elementor-element-8d23dac e-flex e-con-boxed tm-col-stretched-none tm-bg-color-over-image e-con e-parent\" data-id=\"8d23dac\" data-element_type=\"container\" data-e-type=\"container\">\n\t\t\t\t\t<div class=\"e-con-inner\">\n\t\t\t\t<div class=\"elementor-element elementor-element-ba01a5f elementor-widget elementor-widget-heading\" data-id=\"ba01a5f\" data-element_type=\"widget\" data-e-type=\"widget\" data-widget_type=\"heading.default\">\n\t\t\t\t\t<h3 class=\"elementor-heading-title elementor-size-default\">\u00bfQu\u00e9 ofrece el servicio?<\/h3>\t\t\t\t<\/div>\n\t\t\t\t<div class=\"elementor-element elementor-element-7585f9b elementor-widget elementor-widget-text-editor\" data-id=\"7585f9b\" data-element_type=\"widget\" data-e-type=\"widget\" data-widget_type=\"text-editor.default\">\n\t\t\t\t\t\t\t\t\t<ul><li>\u2714 Valoraci\u00f3n inicial del perfil cognitivo<\/li><li>\u2714 Planes personalizados de estimulaci\u00f3n y rehabilitaci\u00f3n<\/li><li>\u2714 Prevenci\u00f3n del deterioro cognitivo y funcional<\/li><li>\u2714 Seguimiento continuo y ajustes terap\u00e9uticos<\/li><li>\u2714 Acompa\u00f1amiento y orientaci\u00f3n a la familia<\/li><\/ul>\t\t\t\t\t\t\t\t<\/div>\n\t\t\t\t\t<\/div>\n\t\t\t\t<\/div>\n\t\t<div class=\"elementor-element elementor-element-baecf23 e-flex e-con-boxed tm-col-stretched-none tm-bg-color-over-image e-con e-parent\" data-id=\"baecf23\" data-element_type=\"container\" data-e-type=\"container\">\n\t\t\t\t\t<div class=\"e-con-inner\">\n\t\t\t\t<div class=\"elementor-element elementor-element-ff25ab0 elementor-widget elementor-widget-heading\" data-id=\"ff25ab0\" data-element_type=\"widget\" data-e-type=\"widget\" data-widget_type=\"heading.default\">\n\t\t\t\t\t<h3 class=\"elementor-heading-title elementor-size-default\">\ud83d\udc65 \u00bfA qui\u00e9n est\u00e1 dirigido?<\/h3>\t\t\t\t<\/div>\n\t\t\t\t<div class=\"elementor-element elementor-element-1d0bc3d elementor-widget elementor-widget-text-editor\" data-id=\"1d0bc3d\" data-element_type=\"widget\" data-e-type=\"widget\" data-widget_type=\"text-editor.default\">\n\t\t\t\t\t\t\t\t\t<ul><li>Personas mayores con riesgo de deterioro cognitivo<\/li><li>Personas con deterioro cognitivo leve<\/li><li>Personas con cambios asociados al envejecimiento<\/li><li>Familias que buscan apoyo profesional confiable en casa<\/li><\/ul>\t\t\t\t\t\t\t\t<\/div>\n\t\t\t\t\t<\/div>\n\t\t\t\t<\/div>\n\t\t<div class=\"elementor-element elementor-element-a8b10d7 e-flex e-con-boxed tm-col-stretched-none tm-bg-color-over-image e-con e-parent\" data-id=\"a8b10d7\" data-element_type=\"container\" data-e-type=\"container\">\n\t\t\t\t\t<div class=\"e-con-inner\">\n\t\t\t\t<div class=\"elementor-element elementor-element-92ebf47 elementor-widget elementor-widget-image\" data-id=\"92ebf47\" data-element_type=\"widget\" data-e-type=\"widget\" data-widget_type=\"image.default\">\n\t\t\t\t\t\t\t\t\t\t\t\t\t\t\t<img decoding=\"async\" width=\"1024\" height=\"347\" src=\"https:\/\/reddevidasas.com.co\/sitio\/wp-content\/uploads\/2026\/04\/Fondo-enfoque-1024x347.png\" class=\"attachment-large size-large wp-image-18928\" alt=\"\" srcset=\"https:\/\/reddevidasas.com.co\/sitio\/wp-content\/uploads\/2026\/04\/Fondo-enfoque-1024x347.png 1024w, https:\/\/reddevidasas.com.co\/sitio\/wp-content\/uploads\/2026\/04\/Fondo-enfoque-300x102.png 300w, https:\/\/reddevidasas.com.co\/sitio\/wp-content\/uploads\/2026\/04\/Fondo-enfoque-768x260.png 768w, https:\/\/reddevidasas.com.co\/sitio\/wp-content\/uploads\/2026\/04\/Fondo-enfoque-1536x520.png 1536w, https:\/\/reddevidasas.com.co\/sitio\/wp-content\/uploads\/2026\/04\/Fondo-enfoque-600x203.png 600w, https:\/\/reddevidasas.com.co\/sitio\/wp-content\/uploads\/2026\/04\/Fondo-enfoque.png 1559w\" sizes=\"(max-width: 1024px) 100vw, 1024px\" \/>\t\t\t\t\t\t\t\t\t\t\t\t\t\t\t<\/div>\n\t\t\t\t\t<\/div>\n\t\t\t\t<\/div>\n\t\t<div class=\"elementor-element elementor-element-ec7a4ff e-flex e-con-boxed tm-col-stretched-none tm-bg-color-over-image e-con e-parent\" data-id=\"ec7a4ff\" data-element_type=\"container\" data-e-type=\"container\">\n\t\t\t\t\t<div class=\"e-con-inner\">\n\t\t\t\t<div class=\"elementor-element elementor-element-ee98c29 elementor-widget elementor-widget-heading\" data-id=\"ee98c29\" data-element_type=\"widget\" data-e-type=\"widget\" data-widget_type=\"heading.default\">\n\t\t\t\t\t<h3 class=\"elementor-heading-title elementor-size-default\">\ud83d\udc69\u200d\u2695\ufe0f Equipo profesional y citas especializadas<\/h3>\t\t\t\t<\/div>\n\t\t\t\t<div class=\"elementor-element elementor-element-3358251 elementor-widget elementor-widget-text-editor\" data-id=\"3358251\" data-element_type=\"widget\" data-e-type=\"widget\" data-widget_type=\"text-editor.default\">\n\t\t\t\t\t\t\t\t\t<p style=\"text-align: center;\">Contamos con un equipo interdisciplinario altamente calificado:<\/p><ul style=\"text-align: center;\"><li><strong>Neuropsicolog\u00eda<\/strong><\/li><li><strong>Geriatr\u00eda<\/strong><\/li><li><strong>Neurolog\u00eda<\/strong><\/li><\/ul><p style=\"text-align: center;\">Seg\u00fan cada caso, puedes acceder a <strong>citas especializadas externas<\/strong>, como parte del proceso de valoraci\u00f3n, seguimiento o apoyo cl\u00ednico, garantizando una atenci\u00f3n integral y coordinada.<\/p>\t\t\t\t\t\t\t\t<\/div>\n\t\t\t\t\t<\/div>\n\t\t\t\t<\/div>\n\t\t<div class=\"elementor-element elementor-element-3fd6715 e-flex e-con-boxed tm-col-stretched-none tm-bg-color-over-image e-con e-parent\" data-id=\"3fd6715\" data-element_type=\"container\" data-e-type=\"container\">\n\t\t\t\t\t<div class=\"e-con-inner\">\n\t\t\t\t<div class=\"elementor-element elementor-element-34bdd03 elementor-widget elementor-widget-heading\" data-id=\"34bdd03\" data-element_type=\"widget\" data-e-type=\"widget\" data-widget_type=\"heading.default\">\n\t\t\t\t\t<h3 class=\"elementor-heading-title elementor-size-default\">\ud83d\udcf2 Solicita tu cita<\/h3>\t\t\t\t<\/div>\n\t\t\t\t<div class=\"elementor-element elementor-element-d64c78a elementor-widget elementor-widget-text-editor\" data-id=\"d64c78a\" data-element_type=\"widget\" data-e-type=\"widget\" data-widget_type=\"text-editor.default\">\n\t\t\t\t\t\t\t\t\t<p style=\"text-align: center;\">\u00bfQuieres m\u00e1s informaci\u00f3n o agendar una valoraci\u00f3n?<\/p><p style=\"text-align: center;\">\ud83d\udc49 <strong>Cont\u00e1ctanos y recibe orientaci\u00f3n personalizada<\/strong><\/p>\t\t\t\t\t\t\t\t<\/div>\n\t\t\t\t<div class=\"elementor-element elementor-element-db22f98 elementor-widget elementor-widget-button\" data-id=\"db22f98\" data-element_type=\"widget\" data-e-type=\"widget\" data-widget_type=\"button.default\">\n\t\t\t\t\t\t\t\t\t\t<a class=\"elementor-button elementor-button-link elementor-size-sm\" href=\"https:\/\/wa.me\/573008856326\">\n\t\t\t\t\t\t<span class=\"elementor-button-content-wrapper\">\n\t\t\t\t\t\t\t\t\t<span class=\"elementor-button-text\">Hablar por WhatsApp<\/span>\n\t\t\t\t\t<\/span>\n\t\t\t\t\t<\/a>\n\t\t\t\t\t\t\t\t<\/div>\n\t\t\t\t\t<\/div>\n\t\t\t\t<\/div>\n\t\t\t\t<\/div>\n\t\t","protected":false},"excerpt":{"rendered":"<p>Estamos contigo Atenci\u00f3n domiciliaria en promoci\u00f3n, prevenci\u00f3n, rehabilitaci\u00f3n y estimulaci\u00f3n cognitiva \u201cEstamos Contigo\u201d es un servicio especializado de atenci\u00f3n domiciliaria&#8230;<\/p>\n","protected":false},"author":1,"featured_media":0,"parent":0,"menu_order":0,"comment_status":"closed","ping_status":"closed","template":"","meta":{"footnotes":""},"class_list":["post-18677","page","type-page","status-publish","hentry"],"_links":{"self":[{"href":"https:\/\/reddevidasas.com.co\/sitio\/wp-json\/wp\/v2\/pages\/18677","targetHints":{"allow":["GET"]}}],"collection":[{"href":"https:\/\/reddevidasas.com.co\/sitio\/wp-json\/wp\/v2\/pages"}],"about":[{"href":"https:\/\/reddevidasas.com.co\/sitio\/wp-json\/wp\/v2\/types\/page"}],"author":[{"embeddable":true,"href":"https:\/\/reddevidasas.com.co\/sitio\/wp-json\/wp\/v2\/users\/1"}],"replies":[{"embeddable":true,"href":"https:\/\/reddevidasas.com.co\/sitio\/wp-json\/wp\/v2\/comments?post=18677"}],"version-history":[{"count":10,"href":"https:\/\/reddevidasas.com.co\/sitio\/wp-json\/wp\/v2\/pages\/18677\/revisions"}],"predecessor-version":[{"id":18931,"href":"https:\/\/reddevidasas.com.co\/sitio\/wp-json\/wp\/v2\/pages\/18677\/revisions\/18931"}],"wp:attachment":[{"href":"https:\/\/reddevidasas.com.co\/sitio\/wp-json\/wp\/v2\/media?parent=18677"}],"curies":[{"name":"wp","href":"https:\/\/api.w.org\/{rel}","templated":true}]}}